{"version":"1.0","provider_name":"legisport","provider_url":"https:\/\/legisport.com","author_name":"admin8312","author_url":"https:\/\/legisport.com\/index.php\/author\/admin8312\/","title":"Le Pr\u00e9sident Jacques Bonnet brillamment r\u00e9\u00e9lu - legisport","type":"rich","width":600,"height":338,"html":"<blockquote class=\"wp-embedded-content\" data-secret=\"LhNP9FNtXq\"><a href=\"https:\/\/legisport.com\/index.php\/2021\/09\/03\/le-president-jacques-bonnet-brillamment-reelu\/\">Le Pr\u00e9sident Jacques Bonnet brillamment r\u00e9\u00e9lu<\/a><\/blockquote><iframe sandbox=\"allow-scripts\" security=\"restricted\" src=\"https:\/\/legisport.com\/index.php\/2021\/09\/03\/le-president-jacques-bonnet-brillamment-reelu\/embed\/#?secret=LhNP9FNtXq\" width=\"600\" height=\"338\" title=\"\u00ab\u00a0Le Pr\u00e9sident Jacques Bonnet brillamment r\u00e9\u00e9lu\u00a0\u00bb &#8212; legisport\" data-secret=\"LhNP9FNtXq\" frameborder=\"0\" marginwidth=\"0\" marginheight=\"0\" scrolling=\"no\" class=\"wp-embedded-content\"><\/iframe><script type=\"text\/javascript\">\n\/* <![CDATA[ *\/\n\/*! This file is auto-generated *\/\n!function(d,l){\"use strict\";l.querySelector&&d.addEventListener&&\"undefined\"!=typeof URL&&(d.wp=d.wp||{},d.wp.receiveEmbedMessage||(d.wp.receiveEmbedMessage=function(e){var t=e.data;if((t||t.secret||t.message||t.value)&&!\/[^a-zA-Z0-9]\/.test(t.secret)){for(var s,r,n,a=l.querySelectorAll('iframe[data-secret=\"'+t.secret+'\"]'),o=l.querySelectorAll('blockquote[data-secret=\"'+t.secret+'\"]'),c=new RegExp(\"^https?:$\",\"i\"),i=0;i<o.length;i++)o[i].style.display=\"none\";for(i=0;i<a.length;i++)s=a[i],e.source===s.contentWindow&&(s.removeAttribute(\"style\"),\"height\"===t.message?(1e3<(r=parseInt(t.value,10))?r=1e3:~~r<200&&(r=200),s.height=r):\"link\"===t.message&&(r=new URL(s.getAttribute(\"src\")),n=new URL(t.value),c.test(n.protocol))&&n.host===r.host&&l.activeElement===s&&(d.top.location.href=t.value))}},d.addEventListener(\"message\",d.wp.receiveEmbedMessage,!1),l.addEventListener(\"DOMContentLoaded\",function(){for(var e,t,s=l.querySelectorAll(\"iframe.wp-embedded-content\"),r=0;r<s.length;r++)(t=(e=s[r]).getAttribute(\"data-secret\"))||(t=Math.random().toString(36).substring(2,12),e.src+=\"#?secret=\"+t,e.setAttribute(\"data-secret\",t)),e.contentWindow.postMessage({message:\"ready\",secret:t},\"*\")},!1)))}(window,document);\n\/\/# sourceURL=https:\/\/legisport.com\/wp-includes\/js\/wp-embed.min.js\n\/* ]]> *\/\n<\/script>\n","description":"LEGISPORT adresse toutes ses f\u00e9licitations \u00e0 Jacques Bonnet brillamment r\u00e9\u00e9lu Pr\u00e9sident du Comit\u00e9 D\u00e9partemental des Bouches du Rh\u00f4ne de la F\u00e9d\u00e9ration Fran\u00e7aise des M\u00e9daill\u00e9s de la Jeunesse, des Sports et de l&rsquo;Engagement Associatif lors de l\u2019Assembl\u00e9e G\u00e9n\u00e9rale du 26 juin 2021 \u00e0 Martigues. Voici le discours introductif du Pr\u00e9sident BONNET lors de cette Assembl\u00e9e\u00a0: Monsieur [&hellip;]","thumbnail_url":"https:\/\/legisport.com\/wp-content\/uploads\/2021\/09\/President-Jacques-Bonnet-reelu-et-son-epouse-Lysbeth-Bonnet.jpg"}